{"id":257,"date":"2022-03-21T16:28:05","date_gmt":"2022-03-21T15:28:05","guid":{"rendered":"https:\/\/www.lamessine.eu\/?page_id=257"},"modified":"2026-04-14T10:14:22","modified_gmt":"2026-04-14T08:14:22","slug":"inscription","status":"publish","type":"page","link":"https:\/\/www.lamessine.eu\/index.php\/inscription\/","title":{"rendered":"S&rsquo;INSCRIRE A LA MESSINE"},"content":{"rendered":"\n<figure class=\"wp-block-image size-full\"><a href=\"https:\/\/www.inscriptions-a2m.fr\/epreuve\/la-messine-2026-course-marche-pour-lutter-contre-le-cancer-du-sein\"><img loading=\"lazy\" decoding=\"async\" width=\"838\" height=\"512\" src=\"https:\/\/www.lamessine.eu\/wp-content\/uploads\/2026\/02\/Capture-decran-2026-02-24-153840.png\" alt=\"\" class=\"wp-image-996\" srcset=\"https:\/\/www.lamessine.eu\/wp-content\/uploads\/2026\/02\/Capture-decran-2026-02-24-153840.png 838w, https:\/\/www.lamessine.eu\/wp-content\/uploads\/2026\/02\/Capture-decran-2026-02-24-153840-300x183.png 300w, https:\/\/www.lamessine.eu\/wp-content\/uploads\/2026\/02\/Capture-decran-2026-02-24-153840-768x469.png 768w\" sizes=\"auto, (max-width: 838px) 100vw, 838px\" \/><\/a><\/figure>\n\n\n\n<p class=\"has-text-align-center\"><\/p>\n\n\n\n<h2 class=\"wp-block-heading has-text-align-center\">NOUVEAUX DOSSARDS DISPONIBLES LE MARDI 14 AVRIL \u00e0 10H00<\/h2>\n\n\n\n<p class=\"has-text-align-center\"><strong>Vous \u00eates nombreux \u00e0 vouloir obtenir des dossards, ce qui a entra\u00een\u00e9 un dysfonctionnement du site. Nos \u00e9quipes informatiques sont en cours d\u2019intervention. Merci pour votre patience !<br><\/strong><br><\/p>\n\n\n<div class=\"wp-block-image\">\n<figure class=\"aligncenter size-full is-resized\"><img loading=\"lazy\" decoding=\"async\" width=\"940\" height=\"788\" src=\"https:\/\/www.lamessine.eu\/wp-content\/uploads\/2026\/04\/ouverture-des-inscriptions-2.jpg\" alt=\"\" class=\"wp-image-1082\" style=\"width:388px;height:auto\" srcset=\"https:\/\/www.lamessine.eu\/wp-content\/uploads\/2026\/04\/ouverture-des-inscriptions-2.jpg 940w, https:\/\/www.lamessine.eu\/wp-content\/uploads\/2026\/04\/ouverture-des-inscriptions-2-300x251.jpg 300w, https:\/\/www.lamessine.eu\/wp-content\/uploads\/2026\/04\/ouverture-des-inscriptions-2-768x644.jpg 768w\" sizes=\"auto, (max-width: 940px) 100vw, 940px\" \/><\/figure><\/div>\n\n\n<p class=\"has-text-align-center\">&#8212;&#8211;<\/p>\n\n\n\n<p class=\"has-text-align-center has-text-color has-large-font-size\" style=\"color:#e8308a\">Seule ou \u00e0 plusieurs, en famille et \/ ou entre amis<\/p>\n\n\n\n<ul class=\"wp-block-list\">\n<li><strong>LA MESSINE<\/strong> &#8211; 15\u20ac  (\u00e0 partir de 15ans)<\/li>\n\n\n\n<li><strong>LA MESSINE<\/strong> Je cours avec maman ! &#8211; 9\u20ac (\u00e0 partir de 12ans jusqu&rsquo;\u00e0 14ans)<\/li>\n\n\n\n<li><strong>LA MINI MESSINE<\/strong> &#8211; de 7 \u00e0 11 ans &#8211; 7\u20ac<\/li>\n\n\n\n<li><strong>LA BABY MESSINE<\/strong> &#8211; de 2 \u00e0 6 ans &#8211; 5\u20ac<\/li>\n<\/ul>\n\n\n\n<div class=\"wp-block-buttons has-custom-font-size has-medium-font-size is-horizontal is-content-justification-center is-layout-flex wp-container-core-buttons-is-layout-1 wp-block-buttons-is-layout-flex\">\n<div class=\"wp-block-button has-custom-font-size is-style-fill has-medium-font-size\"><a class=\"wp-block-button__link has-white-color has-text-color has-background wp-element-button\" href=\"https:\/\/www.inscriptions-a2m.fr\/epreuve\/la-messine-2026-course-marche-pour-lutter-contre-le-cancer-du-sein\" style=\"background-color:#e8308a\" target=\"_blank\" rel=\"noreferrer noopener\">       <strong><mark style=\"background-color:#e8308a\" class=\"has-inline-color has-white-color\">              JE M&rsquo;INSCRIS                   <\/mark><\/strong><\/a><\/div>\n<\/div>\n\n\n\n<p><\/p>\n\n\n\n<p class=\"has-text-align-center has-white-color has-text-color has-background\" style=\"background-color:#e8308a;font-size:29px\">INSCRIPTION GROUPE<\/p>\n\n\n\n<p>Pour les groupes de 20 personnes minimum : entreprises, associations, clubs, \u00e9coles etc&#8230;<\/p>\n\n\n\n<p><strong>INSCRIPTION EQUIPE (+20 PERSONNES)<\/strong><\/p>\n\n\n\n<div class=\"wp-block-buttons is-content-justification-center is-layout-flex wp-container-core-buttons-is-layout-2 wp-block-buttons-is-layout-flex\">\n<div class=\"wp-block-button is-style-fill\"><a class=\"wp-block-button__link has-white-color has-text-color has-background wp-element-button\" href=\"https:\/\/drive.google.com\/file\/d\/1GdI2zeVk2KYf_ksbGnJkLU_EJbJz_g15\/view?usp=sharing\" style=\"background-color:#e8308a\" target=\"_blank\" rel=\"noreferrer noopener\">       <strong><mark style=\"background-color:#e8308a\" class=\"has-inline-color has-white-color\">              J&rsquo;INSCRIS MON GROUPE                <\/mark><\/strong><\/a><\/div>\n<\/div>\n\n\n\n<p class=\"has-text-align-center\"><a href=\"https:\/\/docs.google.com\/spreadsheets\/d\/11O643BhfwhMhAwlNLJguSbGq4_KU1zs6\/edit?usp=drivesdk&amp;ouid=111248732678458687392&amp;rtpof=true&amp;sd=true\">Lien Excel \u00e0 t\u00e9l\u00e9charger <\/a><\/p>\n\n\n\n<figure class=\"wp-block-gallery has-nested-images columns-default is-cropped wp-block-gallery-1 is-layout-flex wp-block-gallery-is-layout-flex\">\n<figure class=\"wp-block-image size-large\"><img loading=\"lazy\" decoding=\"async\" width=\"1024\" height=\"683\" data-id=\"617\" src=\"https:\/\/www.lamessine.eu\/wp-content\/uploads\/2024\/02\/FB_IMG_1707250037732-1024x683.jpg\" alt=\"\" class=\"wp-image-617\" srcset=\"https:\/\/www.lamessine.eu\/wp-content\/uploads\/2024\/02\/FB_IMG_1707250037732-1024x683.jpg 1024w, https:\/\/www.lamessine.eu\/wp-content\/uploads\/2024\/02\/FB_IMG_1707250037732-300x200.jpg 300w, https:\/\/www.lamessine.eu\/wp-content\/uploads\/2024\/02\/FB_IMG_1707250037732-768x512.jpg 768w, https:\/\/www.lamessine.eu\/wp-content\/uploads\/2024\/02\/FB_IMG_1707250037732.jpg 1080w\" sizes=\"auto, (max-width: 1024px) 100vw, 1024px\" \/><\/figure>\n<\/figure>\n\n\n\n<p class=\"has-text-align-center has-white-color has-text-color has-background\" style=\"background-color:#e8308a;font-size:29px\">INSCRIPTION POUR ETRE BENEVOLE<\/p>\n\n\n\n<p>Pour que la manifestation se d\u00e9roule, nous avons besoin de personnes qui donnent de leur temps en tant que b\u00e9n\u00e9vole.<\/p>\n\n\n\n<p class=\"has-text-align-center\"><strong>Sans les b\u00e9n\u00e9voles, rien ne serait possible !<\/strong><\/p>\n\n\n\n<p>Ce r\u00f4le est ouvert \u00e0 toutes et \u00e0 tous et permet aux hommes de participer pleinement \u00e0 cette manifestation populaire.<\/p>\n\n\n\n<div class=\"wp-block-buttons is-content-justification-center is-layout-flex wp-container-core-buttons-is-layout-3 wp-block-buttons-is-layout-flex\">\n<div class=\"wp-block-button has-custom-width wp-block-button__width-50 has-custom-font-size is-style-fill has-medium-font-size\"><a class=\"wp-block-button__link has-background wp-element-button\" href=\"http:\/\/www.inscriptions-a2m.fr\/epreuve\/benevole-la-messine-2026\" style=\"background-color:#e8308a\" target=\"_blank\" rel=\"noreferrer noopener\"><strong>JE M&rsquo;INSCRIS<\/strong><\/a><\/div>\n<\/div>\n\n\n\n<p class=\"has-white-color has-text-color\">&#8211;<\/p>\n\n\n\n<div class=\"wp-block-columns is-layout-flex wp-container-core-columns-is-layout-1 wp-block-columns-is-layout-flex\">\n<div class=\"wp-block-column is-layout-flow wp-block-column-is-layout-flow\">\n<figure class=\"wp-block-image size-large\"><img loading=\"lazy\" decoding=\"async\" width=\"1024\" height=\"683\" src=\"https:\/\/www.lamessine.eu\/wp-content\/uploads\/2024\/02\/344727088_955656259186986_3700308864281623005_n-1024x683.jpg\" alt=\"\" class=\"wp-image-708\" srcset=\"https:\/\/www.lamessine.eu\/wp-content\/uploads\/2024\/02\/344727088_955656259186986_3700308864281623005_n-1024x683.jpg 1024w, https:\/\/www.lamessine.eu\/wp-content\/uploads\/2024\/02\/344727088_955656259186986_3700308864281623005_n-300x200.jpg 300w, https:\/\/www.lamessine.eu\/wp-content\/uploads\/2024\/02\/344727088_955656259186986_3700308864281623005_n-768x512.jpg 768w, https:\/\/www.lamessine.eu\/wp-content\/uploads\/2024\/02\/344727088_955656259186986_3700308864281623005_n-1536x1024.jpg 1536w, https:\/\/www.lamessine.eu\/wp-content\/uploads\/2024\/02\/344727088_955656259186986_3700308864281623005_n.jpg 2048w\" sizes=\"auto, (max-width: 1024px) 100vw, 1024px\" \/><\/figure>\n<\/div>\n\n\n\n<div class=\"wp-block-column is-layout-flow wp-block-column-is-layout-flow\">\n<figure class=\"wp-block-image size-large\"><img loading=\"lazy\" decoding=\"async\" width=\"1024\" height=\"683\" src=\"https:\/\/www.lamessine.eu\/wp-content\/uploads\/2024\/02\/344379016_894937964940792_3458438754848121661_n-1024x683.jpg\" alt=\"\" class=\"wp-image-709\" srcset=\"https:\/\/www.lamessine.eu\/wp-content\/uploads\/2024\/02\/344379016_894937964940792_3458438754848121661_n-1024x683.jpg 1024w, https:\/\/www.lamessine.eu\/wp-content\/uploads\/2024\/02\/344379016_894937964940792_3458438754848121661_n-300x200.jpg 300w, https:\/\/www.lamessine.eu\/wp-content\/uploads\/2024\/02\/344379016_894937964940792_3458438754848121661_n-768x512.jpg 768w, https:\/\/www.lamessine.eu\/wp-content\/uploads\/2024\/02\/344379016_894937964940792_3458438754848121661_n-1536x1024.jpg 1536w, https:\/\/www.lamessine.eu\/wp-content\/uploads\/2024\/02\/344379016_894937964940792_3458438754848121661_n.jpg 2048w\" sizes=\"auto, (max-width: 1024px) 100vw, 1024px\" \/><\/figure>\n<\/div>\n<\/div>\n\n\n\n<figure class=\"wp-block-image size-large\"><img loading=\"lazy\" decoding=\"async\" width=\"1024\" height=\"223\" src=\"https:\/\/www.lamessine.eu\/wp-content\/uploads\/2026\/03\/logos-1-1024x223.png\" alt=\"\" class=\"wp-image-1069\" srcset=\"https:\/\/www.lamessine.eu\/wp-content\/uploads\/2026\/03\/logos-1-1024x223.png 1024w, https:\/\/www.lamessine.eu\/wp-content\/uploads\/2026\/03\/logos-1-300x65.png 300w, https:\/\/www.lamessine.eu\/wp-content\/uploads\/2026\/03\/logos-1-768x167.png 768w, https:\/\/www.lamessine.eu\/wp-content\/uploads\/2026\/03\/logos-1.png 1420w\" sizes=\"auto, (max-width: 1024px) 100vw, 1024px\" \/><\/figure>\n","protected":false},"excerpt":{"rendered":"<p>NOUVEAUX DOSSARDS DISPONIBLES LE MARDI 14 AVRIL \u00e0 10H00 Vous \u00eates nombreux \u00e0 vouloir obtenir des dossards, ce qui a entra\u00een\u00e9 un dysfonctionnement du site. Nos \u00e9quipes informatiques sont en cours d\u2019intervention. Merci pour votre patience ! &#8212;&#8211; Seule ou \u00e0 plusieurs, en famille et \/ ou entre amis INSCRIPTION GROUPE Pour les groupes de &hellip; <a href=\"https:\/\/www.lamessine.eu\/index.php\/inscription\/\" class=\"more-link\">Continuer la lecture de <span class=\"screen-reader-text\">S&rsquo;INSCRIRE A LA MESSINE<\/span> <span class=\"meta-nav\">&rarr;<\/span><\/a><\/p>\n","protected":false},"author":2,"featured_media":0,"parent":0,"menu_order":0,"comment_status":"closed","ping_status":"closed","template":"","meta":{"footnotes":""},"class_list":["post-257","page","type-page","status-publish","hentry"],"_links":{"self":[{"href":"https:\/\/www.lamessine.eu\/index.php\/wp-json\/wp\/v2\/pages\/257","targetHints":{"allow":["GET"]}}],"collection":[{"href":"https:\/\/www.lamessine.eu\/index.php\/wp-json\/wp\/v2\/pages"}],"about":[{"href":"https:\/\/www.lamessine.eu\/index.php\/wp-json\/wp\/v2\/types\/page"}],"author":[{"embeddable":true,"href":"https:\/\/www.lamessine.eu\/index.php\/wp-json\/wp\/v2\/users\/2"}],"replies":[{"embeddable":true,"href":"https:\/\/www.lamessine.eu\/index.php\/wp-json\/wp\/v2\/comments?post=257"}],"version-history":[{"count":76,"href":"https:\/\/www.lamessine.eu\/index.php\/wp-json\/wp\/v2\/pages\/257\/revisions"}],"predecessor-version":[{"id":1086,"href":"https:\/\/www.lamessine.eu\/index.php\/wp-json\/wp\/v2\/pages\/257\/revisions\/1086"}],"wp:attachment":[{"href":"https:\/\/www.lamessine.eu\/index.php\/wp-json\/wp\/v2\/media?parent=257"}],"curies":[{"name":"wp","href":"https:\/\/api.w.org\/{rel}","templated":true}]}}